{"id":92,"date":"2020-10-06T20:53:04","date_gmt":"2020-10-06T18:53:04","guid":{"rendered":"https:\/\/die-kinder-villa.de\/?page_id=92"},"modified":"2021-02-14T16:33:19","modified_gmt":"2021-02-14T15:33:19","slug":"unsere-kinder-villa","status":"publish","type":"page","link":"https:\/\/die-kinder-villa.de\/index.php\/unsere-kinder-villa\/","title":{"rendered":"Unsere Kinder Villa"},"content":{"rendered":"<p>[et_pb_section fb_built=&#8220;1&#8243; _builder_version=&#8220;4.6.6&#8243; _module_preset=&#8220;default&#8220; custom_padding=&#8220;20px||20px||false|false&#8220;][et_pb_row _builder_version=&#8220;4.8.2&#8243; _module_preset=&#8220;default&#8220; module_alignment=&#8220;center&#8220; custom_margin=&#8220;0px||0px||false|false&#8220; custom_padding=&#8220;20px||0px||false|false&#8220;][et_pb_column type=&#8220;4_4&#8243; _builder_version=&#8220;4.7.7&#8243; _module_preset=&#8220;default&#8220;][et_pb_text _builder_version=&#8220;4.8.2&#8243; _module_preset=&#8220;default&#8220; header_2_text_align=&#8220;center&#8220;]<\/p>\n<h2>Unsere Kinder-Villa<\/h2>\n<p>[\/et_pb_text][\/et_pb_column][\/et_pb_row][et_pb_row column_structure=&#8220;1_2,1_2&#8243; use_custom_gutter=&#8220;on&#8220; gutter_width=&#8220;4&#8243; _builder_version=&#8220;4.8.2&#8243; _module_preset=&#8220;default&#8220; background_color=&#8220;#ffee00&#8243; background_enable_color=&#8220;on&#8220; width=&#8220;100%&#8220; module_alignment=&#8220;center&#8220; animation_style=&#8220;slide&#8220; animation_direction=&#8220;left&#8220; animation_delay=&#8220;500ms&#8220; animation_speed_curve=&#8220;ease-in&#8220;][et_pb_column type=&#8220;1_2&#8243; _builder_version=&#8220;4.6.6&#8243; _module_preset=&#8220;default&#8220;][et_pb_image src=&#8220;https:\/\/die-kinder-villa.de\/wp-content\/uploads\/2020\/11\/villa300x200.jpg&#8220; title_text=&#8220;villa300x200&#8243; align_tablet=&#8220;center&#8220; _builder_version=&#8220;4.8.2&#8243; _module_preset=&#8220;default&#8220; border_radii=&#8220;on|15px|15px|15px|15px&#8220;][\/et_pb_image][\/et_pb_column][et_pb_column type=&#8220;1_2&#8243; _builder_version=&#8220;4.6.6&#8243; _module_preset=&#8220;default&#8220;][et_pb_text _builder_version=&#8220;4.8.2&#8243; _module_preset=&#8220;default&#8220; text_font=&#8220;||||||||&#8220; text_text_color=&#8220;#353C91&#8243; header_3_text_color=&#8220;#353C91&#8243; header_3_text_align_tablet=&#8220;center&#8220; header_3_text_align_phone=&#8220;&#8220; header_3_text_align_last_edited=&#8220;on|tablet&#8220; text_orientation_tablet=&#8220;center&#8220; text_orientation_phone=&#8220;&#8220; text_orientation_last_edited=&#8220;on|tablet&#8220;]<\/p>\n<h3>Unsere Einrichtung stellt sich vor:<\/h3>\n<p>Der Kindergarten arbeitet nach den Lehren des Pfarrers Sebastian Kneipp und befindet sich in einer historischen alten Stadtvilla in Wismar. Er liegt in der s\u00fcdlichen Altstadt sehr zentrumsnah, 5 Gehminuten bis zur Stadtmitte. Parkpl\u00e4tze sind direkt am Haus vorhanden.<\/p>\n<p>[\/et_pb_text][\/et_pb_column][\/et_pb_row][et_pb_row column_structure=&#8220;1_2,1_2&#8243; use_custom_gutter=&#8220;on&#8220; gutter_width=&#8220;4&#8243; _builder_version=&#8220;4.8.2&#8243; _module_preset=&#8220;default&#8220; background_color=&#8220;#ffee00&#8243; background_enable_color=&#8220;on&#8220; width=&#8220;100%&#8220; module_alignment=&#8220;center&#8220; animation_style=&#8220;slide&#8220; animation_direction=&#8220;right&#8220; animation_delay=&#8220;500ms&#8220; animation_speed_curve=&#8220;ease-in&#8220;][et_pb_column type=&#8220;1_2&#8243; _builder_version=&#8220;4.6.6&#8243; _module_preset=&#8220;default&#8220;][et_pb_text _builder_version=&#8220;4.8.2&#8243; _module_preset=&#8220;default&#8220; text_text_color=&#8220;#353C91&#8243; header_3_text_align=&#8220;left&#8220; header_3_text_color=&#8220;#353C91&#8243; custom_padding=&#8220;|||80px|false|false&#8220; custom_padding_tablet=&#8220;|20px||20px|false|true&#8220; custom_padding_phone=&#8220;|10px||10px|false|true&#8220; custom_padding_last_edited=&#8220;on|desktop&#8220; header_3_text_align_tablet=&#8220;center&#8220; header_3_text_align_phone=&#8220;center&#8220; header_3_text_align_last_edited=&#8220;on|desktop&#8220; text_orientation_tablet=&#8220;center&#8220; text_orientation_phone=&#8220;right&#8220; text_orientation_last_edited=&#8220;on|phone&#8220;]<\/p>\n<h3>Unser Garten mit Spielplatz<\/h3>\n<p>[\/et_pb_text][\/et_pb_column][et_pb_column type=&#8220;1_2&#8243; _builder_version=&#8220;4.6.6&#8243; _module_preset=&#8220;default&#8220;][et_pb_image src=&#8220;https:\/\/die-kinder-villa.de\/wp-content\/uploads\/2021\/02\/spielplatz.jpg&#8220; title_text=&#8220;spielplatz&#8220; align_tablet=&#8220;center&#8220; align_phone=&#8220;center&#8220; align_last_edited=&#8220;on|tablet&#8220; _builder_version=&#8220;4.8.2&#8243; _module_preset=&#8220;default&#8220; width_tablet=&#8220;&#8220; width_phone=&#8220;&#8220; width_last_edited=&#8220;on|phone&#8220; max_width=&#8220;64%&#8220; max_width_tablet=&#8220;44%&#8220; max_width_phone=&#8220;90%&#8220; max_width_last_edited=&#8220;on|phone&#8220; scroll_horizontal_motion=&#8220;0|51|51|100|4|0|-4&#8243; border_radii=&#8220;on|15px|15px|15px|15px&#8220;][\/et_pb_image][\/et_pb_column][\/et_pb_row][et_pb_row column_structure=&#8220;1_2,1_2&#8243; use_custom_gutter=&#8220;on&#8220; gutter_width=&#8220;4&#8243; _builder_version=&#8220;4.8.2&#8243; _module_preset=&#8220;default&#8220; background_color=&#8220;#ffee00&#8243; background_enable_color=&#8220;on&#8220; width=&#8220;100%&#8220; module_alignment=&#8220;center&#8220; animation_style=&#8220;slide&#8220; animation_direction=&#8220;left&#8220; animation_delay=&#8220;500ms&#8220; animation_speed_curve=&#8220;ease-in&#8220;][et_pb_column type=&#8220;1_2&#8243; _builder_version=&#8220;4.6.6&#8243; _module_preset=&#8220;default&#8220;][et_pb_image src=&#8220;https:\/\/die-kinder-villa.de\/wp-content\/uploads\/Sommerfest\/Sommerfest2-300&#215;169.png&#8220; title_text=&#8220;Sommerfest2&#8243; align_tablet=&#8220;center&#8220; align_phone=&#8220;center&#8220; _builder_version=&#8220;4.9.0&#8243; _module_preset=&#8220;default&#8220; hover_enabled=&#8220;0&#8243; border_radii=&#8220;on|15px|15px|15px|15px&#8220; sticky_enabled=&#8220;0&#8243;][\/et_pb_image][\/et_pb_column][et_pb_column type=&#8220;1_2&#8243; _builder_version=&#8220;4.6.6&#8243; _module_preset=&#8220;default&#8220;][et_pb_text _builder_version=&#8220;4.8.2&#8243; _module_preset=&#8220;default&#8220; text_text_color=&#8220;#353C91&#8243; header_3_text_align=&#8220;left&#8220; header_3_text_color=&#8220;#353C91&#8243; header_3_text_align_tablet=&#8220;center&#8220; header_3_text_align_phone=&#8220;&#8220; header_3_text_align_last_edited=&#8220;on|tablet&#8220;]<\/p>\n<h3>Wir k\u00f6nnen auch feiern<\/h3>\n<p>[\/et_pb_text][\/et_pb_column][\/et_pb_row][et_pb_row column_structure=&#8220;1_2,1_2&#8243; use_custom_gutter=&#8220;on&#8220; gutter_width=&#8220;4&#8243; _builder_version=&#8220;4.8.2&#8243; _module_preset=&#8220;default&#8220; background_color=&#8220;#ffee00&#8243; background_enable_color=&#8220;on&#8220; width=&#8220;100%&#8220; module_alignment=&#8220;center&#8220; animation_style=&#8220;slide&#8220; animation_direction=&#8220;right&#8220; animation_delay=&#8220;500ms&#8220;][et_pb_column type=&#8220;1_2&#8243; _builder_version=&#8220;4.6.6&#8243; _module_preset=&#8220;default&#8220;][et_pb_text _builder_version=&#8220;4.8.2&#8243; _module_preset=&#8220;default&#8220; text_text_color=&#8220;#353C91&#8243; header_3_text_color=&#8220;#353C91&#8243; custom_padding=&#8220;|||80px|false|false&#8220; custom_padding_tablet=&#8220;|20px||20px|false|true&#8220; custom_padding_phone=&#8220;|10px||10px|false|true&#8220; custom_padding_last_edited=&#8220;on|phone&#8220; header_3_text_align_tablet=&#8220;center&#8220; header_3_text_align_phone=&#8220;&#8220; header_3_text_align_last_edited=&#8220;on|desktop&#8220; text_orientation_tablet=&#8220;center&#8220; text_orientation_phone=&#8220;right&#8220; text_orientation_last_edited=&#8220;on|phone&#8220;]<\/p>\n<h3>Wir lieben Ausfl\u00fcge<\/h3>\n<p>[\/et_pb_text][\/et_pb_column][et_pb_column type=&#8220;1_2&#8243; _builder_version=&#8220;4.6.6&#8243; _module_preset=&#8220;default&#8220;][et_pb_image src=&#8220;https:\/\/die-kinder-villa.de\/wp-content\/uploads\/2020\/11\/ausfluege300x200.jpg&#8220; title_text=&#8220;ausfluege300x200&#8243; align_tablet=&#8220;center&#8220; align_phone=&#8220;center&#8220; align_last_edited=&#8220;on|tablet&#8220; _builder_version=&#8220;4.7.7&#8243; _module_preset=&#8220;default&#8220; border_radii=&#8220;on|15px|15px|15px|15px&#8220;][\/et_pb_image][\/et_pb_column][\/et_pb_row][\/et_pb_section]<\/p>\n","protected":false},"excerpt":{"rendered":"<p>Unsere Kinder-VillaUnsere Einrichtung stellt sich vor: Der Kindergarten arbeitet nach den Lehren des Pfarrers Sebastian Kneipp und befindet sich in einer historischen alten Stadtvilla in Wismar. Er liegt in der s\u00fcdlichen Altstadt sehr zentrumsnah, 5 Gehminuten bis zur Stadtmitte. Parkpl\u00e4tze sind direkt am Haus vorhanden.Unser Garten mit SpielplatzWir k\u00f6nnen auch feiernWir lieben Ausfl\u00fcge<\/p>\n","protected":false},"author":1,"featured_media":0,"parent":0,"menu_order":0,"comment_status":"closed","ping_status":"closed","template":"","meta":{"_et_pb_use_builder":"on","_et_pb_old_content":"<!-- wp:divi\/placeholder \/-->","_et_gb_content_width":"","footnotes":""},"class_list":["post-92","page","type-page","status-publish","hentry"],"yoast_head":"<!-- This site is optimized with the Yoast SEO plugin v27.5 - https:\/\/yoast.com\/product\/yoast-seo-wordpress\/ -->\n<title>Unsere Kinder Villa - Die Kinder Villa<\/title>\n<meta name=\"robots\" content=\"index, follow, max-snippet:-1, max-image-preview:large, max-video-preview:-1\" \/>\n<link rel=\"canonical\" href=\"https:\/\/die-kinder-villa.de\/index.php\/unsere-kinder-villa\/\" \/>\n<meta property=\"og:locale\" content=\"de_DE\" \/>\n<meta property=\"og:type\" content=\"article\" \/>\n<meta property=\"og:title\" content=\"Unsere Kinder Villa - Die Kinder Villa\" \/>\n<meta property=\"og:description\" content=\"Unsere Kinder-VillaUnsere Einrichtung stellt sich vor: Der Kindergarten arbeitet nach den Lehren des Pfarrers Sebastian Kneipp und befindet sich in einer historischen alten Stadtvilla in Wismar. Er liegt in der s\u00fcdlichen Altstadt sehr zentrumsnah, 5 Gehminuten bis zur Stadtmitte. Parkpl\u00e4tze sind direkt am Haus vorhanden.Unser Garten mit SpielplatzWir k\u00f6nnen auch feiernWir lieben Ausfl\u00fcge\" \/>\n<meta property=\"og:url\" content=\"https:\/\/die-kinder-villa.de\/index.php\/unsere-kinder-villa\/\" \/>\n<meta property=\"og:site_name\" content=\"Die Kinder Villa\" \/>\n<meta property=\"article:modified_time\" content=\"2021-02-14T15:33:19+00:00\" \/>\n<meta name=\"twitter:card\" content=\"summary_large_image\" \/>\n<meta name=\"twitter:label1\" content=\"Gesch\u00e4tzte Lesezeit\" \/>\n\t<meta name=\"twitter:data1\" content=\"4\u00a0Minuten\" \/>\n<script type=\"application\/ld+json\" class=\"yoast-schema-graph\">{\"@context\":\"https:\\\/\\\/schema.org\",\"@graph\":[{\"@type\":\"WebPage\",\"@id\":\"https:\\\/\\\/die-kinder-villa.de\\\/index.php\\\/unsere-kinder-villa\\\/\",\"url\":\"https:\\\/\\\/die-kinder-villa.de\\\/index.php\\\/unsere-kinder-villa\\\/\",\"name\":\"Unsere Kinder Villa - Die Kinder Villa\",\"isPartOf\":{\"@id\":\"https:\\\/\\\/die-kinder-villa.de\\\/#website\"},\"datePublished\":\"2020-10-06T18:53:04+00:00\",\"dateModified\":\"2021-02-14T15:33:19+00:00\",\"breadcrumb\":{\"@id\":\"https:\\\/\\\/die-kinder-villa.de\\\/index.php\\\/unsere-kinder-villa\\\/#breadcrumb\"},\"inLanguage\":\"de\",\"potentialAction\":[{\"@type\":\"ReadAction\",\"target\":[\"https:\\\/\\\/die-kinder-villa.de\\\/index.php\\\/unsere-kinder-villa\\\/\"]}]},{\"@type\":\"BreadcrumbList\",\"@id\":\"https:\\\/\\\/die-kinder-villa.de\\\/index.php\\\/unsere-kinder-villa\\\/#breadcrumb\",\"itemListElement\":[{\"@type\":\"ListItem\",\"position\":1,\"name\":\"Home\",\"item\":\"https:\\\/\\\/die-kinder-villa.de\\\/\"},{\"@type\":\"ListItem\",\"position\":2,\"name\":\"Unsere Kinder Villa\"}]},{\"@type\":\"WebSite\",\"@id\":\"https:\\\/\\\/die-kinder-villa.de\\\/#website\",\"url\":\"https:\\\/\\\/die-kinder-villa.de\\\/\",\"name\":\"Die Kinder Villa\",\"description\":\"Ganzheitliche Bildung und spielerisches Lernen\",\"potentialAction\":[{\"@type\":\"SearchAction\",\"target\":{\"@type\":\"EntryPoint\",\"urlTemplate\":\"https:\\\/\\\/die-kinder-villa.de\\\/?s={search_term_string}\"},\"query-input\":{\"@type\":\"PropertyValueSpecification\",\"valueRequired\":true,\"valueName\":\"search_term_string\"}}],\"inLanguage\":\"de\"}]}<\/script>\n<!-- \/ Yoast SEO plugin. -->","yoast_head_json":{"title":"Unsere Kinder Villa - Die Kinder Villa","robots":{"index":"index","follow":"follow","max-snippet":"max-snippet:-1","max-image-preview":"max-image-preview:large","max-video-preview":"max-video-preview:-1"},"canonical":"https:\/\/die-kinder-villa.de\/index.php\/unsere-kinder-villa\/","og_locale":"de_DE","og_type":"article","og_title":"Unsere Kinder Villa - Die Kinder Villa","og_description":"Unsere Kinder-VillaUnsere Einrichtung stellt sich vor: Der Kindergarten arbeitet nach den Lehren des Pfarrers Sebastian Kneipp und befindet sich in einer historischen alten Stadtvilla in Wismar. Er liegt in der s\u00fcdlichen Altstadt sehr zentrumsnah, 5 Gehminuten bis zur Stadtmitte. Parkpl\u00e4tze sind direkt am Haus vorhanden.Unser Garten mit SpielplatzWir k\u00f6nnen auch feiernWir lieben Ausfl\u00fcge","og_url":"https:\/\/die-kinder-villa.de\/index.php\/unsere-kinder-villa\/","og_site_name":"Die Kinder Villa","article_modified_time":"2021-02-14T15:33:19+00:00","twitter_card":"summary_large_image","twitter_misc":{"Gesch\u00e4tzte Lesezeit":"4\u00a0Minuten"},"schema":{"@context":"https:\/\/schema.org","@graph":[{"@type":"WebPage","@id":"https:\/\/die-kinder-villa.de\/index.php\/unsere-kinder-villa\/","url":"https:\/\/die-kinder-villa.de\/index.php\/unsere-kinder-villa\/","name":"Unsere Kinder Villa - Die Kinder Villa","isPartOf":{"@id":"https:\/\/die-kinder-villa.de\/#website"},"datePublished":"2020-10-06T18:53:04+00:00","dateModified":"2021-02-14T15:33:19+00:00","breadcrumb":{"@id":"https:\/\/die-kinder-villa.de\/index.php\/unsere-kinder-villa\/#breadcrumb"},"inLanguage":"de","potentialAction":[{"@type":"ReadAction","target":["https:\/\/die-kinder-villa.de\/index.php\/unsere-kinder-villa\/"]}]},{"@type":"BreadcrumbList","@id":"https:\/\/die-kinder-villa.de\/index.php\/unsere-kinder-villa\/#breadcrumb","itemListElement":[{"@type":"ListItem","position":1,"name":"Home","item":"https:\/\/die-kinder-villa.de\/"},{"@type":"ListItem","position":2,"name":"Unsere Kinder Villa"}]},{"@type":"WebSite","@id":"https:\/\/die-kinder-villa.de\/#website","url":"https:\/\/die-kinder-villa.de\/","name":"Die Kinder Villa","description":"Ganzheitliche Bildung und spielerisches Lernen","potentialAction":[{"@type":"SearchAction","target":{"@type":"EntryPoint","urlTemplate":"https:\/\/die-kinder-villa.de\/?s={search_term_string}"},"query-input":{"@type":"PropertyValueSpecification","valueRequired":true,"valueName":"search_term_string"}}],"inLanguage":"de"}]}},"_links":{"self":[{"href":"https:\/\/die-kinder-villa.de\/index.php\/wp-json\/wp\/v2\/pages\/92","targetHints":{"allow":["GET"]}}],"collection":[{"href":"https:\/\/die-kinder-villa.de\/index.php\/wp-json\/wp\/v2\/pages"}],"about":[{"href":"https:\/\/die-kinder-villa.de\/index.php\/wp-json\/wp\/v2\/types\/page"}],"author":[{"embeddable":true,"href":"https:\/\/die-kinder-villa.de\/index.php\/wp-json\/wp\/v2\/users\/1"}],"replies":[{"embeddable":true,"href":"https:\/\/die-kinder-villa.de\/index.php\/wp-json\/wp\/v2\/comments?post=92"}],"version-history":[{"count":5,"href":"https:\/\/die-kinder-villa.de\/index.php\/wp-json\/wp\/v2\/pages\/92\/revisions"}],"predecessor-version":[{"id":1246,"href":"https:\/\/die-kinder-villa.de\/index.php\/wp-json\/wp\/v2\/pages\/92\/revisions\/1246"}],"wp:attachment":[{"href":"https:\/\/die-kinder-villa.de\/index.php\/wp-json\/wp\/v2\/media?parent=92"}],"curies":[{"name":"wp","href":"https:\/\/api.w.org\/{rel}","templated":true}]}}